{"id":1392,"date":"2017-09-27T14:59:35","date_gmt":"2017-09-27T14:59:35","guid":{"rendered":"http:\/\/aviana.mikado-themes.com\/?page_id=1392"},"modified":"2024-02-09T11:58:33","modified_gmt":"2024-02-09T11:58:33","slug":"tratamente-estetica-faciala-estetica-corporala-clinica-infrumusetare-cluj","status":"publish","type":"page","link":"https:\/\/d6clinica.ro\/en\/tratamente-estetica-faciala-estetica-corporala-clinica-infrumusetare-cluj\/","title":{"rendered":"Aesthetics"},"content":{"rendered":"<div class=\"mkdf-row-grid-section-wrapper\"  ><div class=\"mkdf-row-grid-section\"><div class=\"vc_row wpb_row vc_row-fluid vc_custom_1588260652010\" ><div class=\"wpb_column vc_column_container vc_col-sm-12\"><div class=\"vc_column-inner\"><div class=\"wpb_wrapper\"><div class=\"mkdf-portfolio-list-holder mkdf-pl-gallery mkdf-normal-space mkdf-pl-four-columns mkdf-pl-standard-shader    mkdf-pl-pag-no-pagination\"  data-type=\"gallery\" data-number-of-columns=\"4\" data-space-between-items=\"normal\" data-number-of-items=\"22\" data-image-proportions=\"square\" data-enable-fixed-proportions=\"no\" data-enable-image-shadow=\"no\" data-order-by=\"date\" data-order=\"DESC\" data-item-style=\"standard-shader\" data-enable-title=\"yes\" data-title-tag=\"h4\" data-enable-category=\"no\" data-enable-count-images=\"yes\" data-enable-excerpt=\"no\" data-excerpt-length=\"20\" data-pagination-type=\"no-pagination\" data-filter=\"no\" data-filter-order-by=\"name\" data-filter-text-transform=\"uppercase\" data-enable-article-animation=\"no\" data-portfolio-slider-on=\"no\" data-enable-loop=\"yes\" data-enable-autoplay=\"yes\" data-slider-speed=\"5000\" data-slider-speed-animation=\"600\" data-enable-navigation=\"yes\" data-enable-pagination=\"yes\" data-enable-separator=\"yes\" data-max-num-pages=\"2\" data-next-page=\"2\">\n\t\t<div class=\"mkdf-pl-inner mkdf-outer-space  clearfix\">\n\t\t<article class=\"mkdf-pl-item mkdf-item-space  post-262 portfolio-item type-portfolio-item status-publish has-post-thumbnail hentry portfolio-category-estetica\">\n\t<div class=\"mkdf-pl-item-inner\">\n\t\t<div class=\"mkdf-pli-image\">\n\t<img loading=\"lazy\" decoding=\"async\" width=\"550\" height=\"550\" src=\"https:\/\/d6clinica.ro\/wp-content\/uploads\/2017\/10\/consult-pre-estetic-550x550.jpg\" class=\"attachment-aviana_mikado_square size-aviana_mikado_square wp-post-image\" alt=\"consult pre estetic tratamente infrumusetare, clinica D6 Cluj\" srcset=\"https:\/\/d6clinica.ro\/wp-content\/uploads\/2017\/10\/consult-pre-estetic-550x550.jpg 550w, https:\/\/d6clinica.ro\/wp-content\/uploads\/2017\/10\/consult-pre-estetic-150x150.jpg 150w, https:\/\/d6clinica.ro\/wp-content\/uploads\/2017\/10\/consult-pre-estetic-1100x1100.jpg 1100w, https:\/\/d6clinica.ro\/wp-content\/uploads\/2017\/10\/consult-pre-estetic-300x300.jpg 300w, https:\/\/d6clinica.ro\/wp-content\/uploads\/2017\/10\/consult-pre-estetic-100x100.jpg 100w\" sizes=\"(max-width: 550px) 100vw, 550px\" \/><\/div>\n<div class=\"mkdf-pli-text-holder\">\n\t<div class=\"mkdf-pli-text-wrapper\">\n\t\t<div class=\"mkdf-pli-text\">\n\t\t\t\t<h4 itemprop=\"name\" class=\"mkdf-pli-title entry-title\" >\n\t\t<a itemprop=\"url\" class=\"mkdf-block-drag-link\" href=\"https:\/\/d6clinica.ro\/en\/servicii\/consult-pre-estetic-clinica-estetica-cluj\/\" target=\"_self\">\n\t\t\tPre-aesthetic consultation\t\t<\/a>\n\t<\/h4>\n\n\t\t\t\n\t\t\t\t\t<\/div>\n\t<\/div>\n<\/div>\t\t\n\t\t<a itemprop=\"url\" class=\"mkdf-pli-link mkdf-block-drag-link\" href=\"https:\/\/d6clinica.ro\/en\/servicii\/consult-pre-estetic-clinica-estetica-cluj\/\" target=\"_self\"><\/a>\n\t<\/div>\n<\/article><article class=\"mkdf-pl-item mkdf-item-space  post-3934 portfolio-item type-portfolio-item status-publish has-post-thumbnail hentry portfolio-category-estetica\">\n\t<div class=\"mkdf-pl-item-inner\">\n\t\t<div class=\"mkdf-pli-image\">\n\t<img loading=\"lazy\" decoding=\"async\" width=\"550\" height=\"550\" src=\"https:\/\/d6clinica.ro\/wp-content\/uploads\/2017\/09\/taratamente-faciale2-550x550.jpg\" class=\"attachment-aviana_mikado_square size-aviana_mikado_square wp-post-image\" alt=\"tratamente faciale infrumusetare microdermabraziune antirid, clinica D6 Cluj\" srcset=\"https:\/\/d6clinica.ro\/wp-content\/uploads\/2017\/09\/taratamente-faciale2-550x550.jpg 550w, https:\/\/d6clinica.ro\/wp-content\/uploads\/2017\/09\/taratamente-faciale2-150x150.jpg 150w, https:\/\/d6clinica.ro\/wp-content\/uploads\/2017\/09\/taratamente-faciale2-1100x1100.jpg 1100w, https:\/\/d6clinica.ro\/wp-content\/uploads\/2017\/09\/taratamente-faciale2-300x300.jpg 300w, https:\/\/d6clinica.ro\/wp-content\/uploads\/2017\/09\/taratamente-faciale2-100x100.jpg 100w\" sizes=\"(max-width: 550px) 100vw, 550px\" \/><\/div>\n<div class=\"mkdf-pli-text-holder\">\n\t<div class=\"mkdf-pli-text-wrapper\">\n\t\t<div class=\"mkdf-pli-text\">\n\t\t\t\t<h4 itemprop=\"name\" class=\"mkdf-pli-title entry-title\" >\n\t\t<a itemprop=\"url\" class=\"mkdf-block-drag-link\" href=\"https:\/\/d6clinica.ro\/en\/servicii\/tratament-harmonyca-estetica-faciala-cluj\/\" target=\"_self\">\n\t\t\tHArmonyCa\t\t<\/a>\n\t<\/h4>\n\n\t\t\t\n\t\t\t\t\t<\/div>\n\t<\/div>\n<\/div>\t\t\n\t\t<a itemprop=\"url\" class=\"mkdf-pli-link mkdf-block-drag-link\" href=\"https:\/\/d6clinica.ro\/en\/servicii\/tratament-harmonyca-estetica-faciala-cluj\/\" target=\"_self\"><\/a>\n\t<\/div>\n<\/article><article class=\"mkdf-pl-item mkdf-item-space  post-3932 portfolio-item type-portfolio-item status-publish has-post-thumbnail hentry portfolio-category-estetica\">\n\t<div class=\"mkdf-pl-item-inner\">\n\t\t<div class=\"mkdf-pli-image\">\n\t<img loading=\"lazy\" decoding=\"async\" width=\"550\" height=\"550\" src=\"https:\/\/d6clinica.ro\/wp-content\/uploads\/2023\/07\/beautiful-woman-with-clean-face-550x550.jpg\" class=\"attachment-aviana_mikado_square size-aviana_mikado_square wp-post-image\" alt=\"Sculptra trateaz\u0103 cauza de baz\u0103 a \u00eemb\u0103tr\u00e2nirii\" srcset=\"https:\/\/d6clinica.ro\/wp-content\/uploads\/2023\/07\/beautiful-woman-with-clean-face-550x550.jpg 550w, https:\/\/d6clinica.ro\/wp-content\/uploads\/2023\/07\/beautiful-woman-with-clean-face-150x150.jpg 150w, https:\/\/d6clinica.ro\/wp-content\/uploads\/2023\/07\/beautiful-woman-with-clean-face-1100x1100.jpg 1100w\" sizes=\"(max-width: 550px) 100vw, 550px\" \/><\/div>\n<div class=\"mkdf-pli-text-holder\">\n\t<div class=\"mkdf-pli-text-wrapper\">\n\t\t<div class=\"mkdf-pli-text\">\n\t\t\t\t<h4 itemprop=\"name\" class=\"mkdf-pli-title entry-title\" >\n\t\t<a itemprop=\"url\" class=\"mkdf-block-drag-link\" href=\"https:\/\/d6clinica.ro\/en\/servicii\/tratament-sculptra-estetica-faciala-cluj\/\" target=\"_self\">\n\t\t\tSculptra\t\t<\/a>\n\t<\/h4>\n\n\t\t\t\n\t\t\t\t\t<\/div>\n\t<\/div>\n<\/div>\t\t\n\t\t<a itemprop=\"url\" class=\"mkdf-pli-link mkdf-block-drag-link\" href=\"https:\/\/d6clinica.ro\/en\/servicii\/tratament-sculptra-estetica-faciala-cluj\/\" target=\"_self\"><\/a>\n\t<\/div>\n<\/article><article class=\"mkdf-pl-item mkdf-item-space  post-424 portfolio-item type-portfolio-item status-publish has-post-thumbnail hentry portfolio-category-estetica\">\n\t<div class=\"mkdf-pl-item-inner\">\n\t\t<div class=\"mkdf-pli-image\">\n\t<img loading=\"lazy\" decoding=\"async\" width=\"550\" height=\"550\" src=\"https:\/\/d6clinica.ro\/wp-content\/uploads\/2017\/09\/microdermabraziune-550x550.jpg\" class=\"attachment-aviana_mikado_square size-aviana_mikado_square wp-post-image\" alt=\"microdermabraziune tratament acnee, clinica D6 Cluj\" srcset=\"https:\/\/d6clinica.ro\/wp-content\/uploads\/2017\/09\/microdermabraziune-550x550.jpg 550w, https:\/\/d6clinica.ro\/wp-content\/uploads\/2017\/09\/microdermabraziune-150x150.jpg 150w, https:\/\/d6clinica.ro\/wp-content\/uploads\/2017\/09\/microdermabraziune-1100x1100.jpg 1100w, https:\/\/d6clinica.ro\/wp-content\/uploads\/2017\/09\/microdermabraziune-300x300.jpg 300w, https:\/\/d6clinica.ro\/wp-content\/uploads\/2017\/09\/microdermabraziune-100x100.jpg 100w\" sizes=\"(max-width: 550px) 100vw, 550px\" \/><\/div>\n<div class=\"mkdf-pli-text-holder\">\n\t<div class=\"mkdf-pli-text-wrapper\">\n\t\t<div class=\"mkdf-pli-text\">\n\t\t\t\t<h4 itemprop=\"name\" class=\"mkdf-pli-title entry-title\" >\n\t\t<a itemprop=\"url\" class=\"mkdf-block-drag-link\" href=\"https:\/\/d6clinica.ro\/en\/servicii\/tratament-microdermabraziune-cluj\/\" target=\"_self\">\n\t\t\tMicrodermabrasion\t\t<\/a>\n\t<\/h4>\n\n\t\t\t\n\t\t\t\t\t<\/div>\n\t<\/div>\n<\/div>\t\t\n\t\t<a itemprop=\"url\" class=\"mkdf-pli-link mkdf-block-drag-link\" href=\"https:\/\/d6clinica.ro\/en\/servicii\/tratament-microdermabraziune-cluj\/\" target=\"_self\"><\/a>\n\t<\/div>\n<\/article><article class=\"mkdf-pl-item mkdf-item-space  post-423 portfolio-item type-portfolio-item status-publish has-post-thumbnail hentry portfolio-category-estetica\">\n\t<div class=\"mkdf-pl-item-inner\">\n\t\t<div class=\"mkdf-pli-image\">\n\t<img loading=\"lazy\" decoding=\"async\" width=\"550\" height=\"550\" src=\"https:\/\/d6clinica.ro\/wp-content\/uploads\/2017\/09\/peeling-550x550.jpg\" class=\"attachment-aviana_mikado_square size-aviana_mikado_square wp-post-image\" alt=\"peeling chimic microdermabraziune dermapen microneedling, clinica D6 Cluj\" srcset=\"https:\/\/d6clinica.ro\/wp-content\/uploads\/2017\/09\/peeling-550x550.jpg 550w, https:\/\/d6clinica.ro\/wp-content\/uploads\/2017\/09\/peeling-150x150.jpg 150w, https:\/\/d6clinica.ro\/wp-content\/uploads\/2017\/09\/peeling-1100x1100.jpg 1100w, https:\/\/d6clinica.ro\/wp-content\/uploads\/2017\/09\/peeling-300x300.jpg 300w, https:\/\/d6clinica.ro\/wp-content\/uploads\/2017\/09\/peeling-100x100.jpg 100w\" sizes=\"(max-width: 550px) 100vw, 550px\" \/><\/div>\n<div class=\"mkdf-pli-text-holder\">\n\t<div class=\"mkdf-pli-text-wrapper\">\n\t\t<div class=\"mkdf-pli-text\">\n\t\t\t\t<h4 itemprop=\"name\" class=\"mkdf-pli-title entry-title\" >\n\t\t<a itemprop=\"url\" class=\"mkdf-block-drag-link\" href=\"https:\/\/d6clinica.ro\/en\/servicii\/procedura-peeling-chimic-cluj\/\" target=\"_self\">\n\t\t\tChemical peeling\t\t<\/a>\n\t<\/h4>\n\n\t\t\t\n\t\t\t\t\t<\/div>\n\t<\/div>\n<\/div>\t\t\n\t\t<a itemprop=\"url\" class=\"mkdf-pli-link mkdf-block-drag-link\" href=\"https:\/\/d6clinica.ro\/en\/servicii\/procedura-peeling-chimic-cluj\/\" target=\"_self\"><\/a>\n\t<\/div>\n<\/article><article class=\"mkdf-pl-item mkdf-item-space  post-420 portfolio-item type-portfolio-item status-publish has-post-thumbnail hentry portfolio-category-estetica\">\n\t<div class=\"mkdf-pl-item-inner\">\n\t\t<div class=\"mkdf-pli-image\">\n\t<img loading=\"lazy\" decoding=\"async\" width=\"550\" height=\"550\" src=\"https:\/\/d6clinica.ro\/wp-content\/uploads\/2017\/09\/venus-viva-550x550.jpg\" class=\"attachment-aviana_mikado_square size-aviana_mikado_square wp-post-image\" alt=\"radiofrecventa faciala venus viva clinica infrumusetare, clinica D6 Cluj\" srcset=\"https:\/\/d6clinica.ro\/wp-content\/uploads\/2017\/09\/venus-viva-550x550.jpg 550w, https:\/\/d6clinica.ro\/wp-content\/uploads\/2017\/09\/venus-viva-150x150.jpg 150w, https:\/\/d6clinica.ro\/wp-content\/uploads\/2017\/09\/venus-viva-1100x1100.jpg 1100w, https:\/\/d6clinica.ro\/wp-content\/uploads\/2017\/09\/venus-viva-300x300.jpg 300w, https:\/\/d6clinica.ro\/wp-content\/uploads\/2017\/09\/venus-viva-100x100.jpg 100w\" sizes=\"(max-width: 550px) 100vw, 550px\" \/><\/div>\n<div class=\"mkdf-pli-text-holder\">\n\t<div class=\"mkdf-pli-text-wrapper\">\n\t\t<div class=\"mkdf-pli-text\">\n\t\t\t\t<h4 itemprop=\"name\" class=\"mkdf-pli-title entry-title\" >\n\t\t<a itemprop=\"url\" class=\"mkdf-block-drag-link\" href=\"https:\/\/d6clinica.ro\/en\/servicii\/tratament-radiofrecventa-venus-viva-cu-microdermabraziune-cluj\/\" target=\"_self\">\n\t\t\tVenus Viva radiofrequency\t\t<\/a>\n\t<\/h4>\n\n\t\t\t\n\t\t\t\t\t<\/div>\n\t<\/div>\n<\/div>\t\t\n\t\t<a itemprop=\"url\" class=\"mkdf-pli-link mkdf-block-drag-link\" href=\"https:\/\/d6clinica.ro\/en\/servicii\/tratament-radiofrecventa-venus-viva-cu-microdermabraziune-cluj\/\" target=\"_self\"><\/a>\n\t<\/div>\n<\/article><article class=\"mkdf-pl-item mkdf-item-space  post-419 portfolio-item type-portfolio-item status-publish has-post-thumbnail hentry portfolio-category-estetica\">\n\t<div class=\"mkdf-pl-item-inner\">\n\t\t<div class=\"mkdf-pli-image\">\n\t<img loading=\"lazy\" decoding=\"async\" width=\"550\" height=\"550\" src=\"https:\/\/d6clinica.ro\/wp-content\/uploads\/2017\/09\/radiofrecventa-fata-gat-550x550.jpg\" class=\"attachment-aviana_mikado_square size-aviana_mikado_square wp-post-image\" alt=\"radiofrecventa faciala stimulare colagen tratamente antirid, clinica D6 Cluj\" srcset=\"https:\/\/d6clinica.ro\/wp-content\/uploads\/2017\/09\/radiofrecventa-fata-gat-550x550.jpg 550w, https:\/\/d6clinica.ro\/wp-content\/uploads\/2017\/09\/radiofrecventa-fata-gat-150x150.jpg 150w, https:\/\/d6clinica.ro\/wp-content\/uploads\/2017\/09\/radiofrecventa-fata-gat-1100x1100.jpg 1100w, https:\/\/d6clinica.ro\/wp-content\/uploads\/2017\/09\/radiofrecventa-fata-gat-300x300.jpg 300w, https:\/\/d6clinica.ro\/wp-content\/uploads\/2017\/09\/radiofrecventa-fata-gat-100x100.jpg 100w\" sizes=\"(max-width: 550px) 100vw, 550px\" \/><\/div>\n<div class=\"mkdf-pli-text-holder\">\n\t<div class=\"mkdf-pli-text-wrapper\">\n\t\t<div class=\"mkdf-pli-text\">\n\t\t\t\t<h4 itemprop=\"name\" class=\"mkdf-pli-title entry-title\" >\n\t\t<a itemprop=\"url\" class=\"mkdf-block-drag-link\" href=\"https:\/\/d6clinica.ro\/en\/servicii\/tratament-radiofrecventa-multipolara-fata-si-gat-cluj\/\" target=\"_self\">\n\t\t\tMultipolar radiofrequency face and neck\t\t<\/a>\n\t<\/h4>\n\n\t\t\t\n\t\t\t\t\t<\/div>\n\t<\/div>\n<\/div>\t\t\n\t\t<a itemprop=\"url\" class=\"mkdf-pli-link mkdf-block-drag-link\" href=\"https:\/\/d6clinica.ro\/en\/servicii\/tratament-radiofrecventa-multipolara-fata-si-gat-cluj\/\" target=\"_self\"><\/a>\n\t<\/div>\n<\/article><article class=\"mkdf-pl-item mkdf-item-space  post-416 portfolio-item type-portfolio-item status-publish has-post-thumbnail hentry portfolio-category-estetica\">\n\t<div class=\"mkdf-pl-item-inner\">\n\t\t<div class=\"mkdf-pli-image\">\n\t<img loading=\"lazy\" decoding=\"async\" width=\"550\" height=\"550\" src=\"https:\/\/d6clinica.ro\/wp-content\/uploads\/2017\/09\/dermapen-550x550.jpg\" class=\"attachment-aviana_mikado_square size-aviana_mikado_square wp-post-image\" alt=\"dermapen microneedling terapia vampir pret, clinica D6 Cluj\" srcset=\"https:\/\/d6clinica.ro\/wp-content\/uploads\/2017\/09\/dermapen-550x550.jpg 550w, https:\/\/d6clinica.ro\/wp-content\/uploads\/2017\/09\/dermapen-150x150.jpg 150w, https:\/\/d6clinica.ro\/wp-content\/uploads\/2017\/09\/dermapen-1100x1100.jpg 1100w, https:\/\/d6clinica.ro\/wp-content\/uploads\/2017\/09\/dermapen-300x300.jpg 300w, https:\/\/d6clinica.ro\/wp-content\/uploads\/2017\/09\/dermapen-100x100.jpg 100w\" sizes=\"(max-width: 550px) 100vw, 550px\" \/><\/div>\n<div class=\"mkdf-pli-text-holder\">\n\t<div class=\"mkdf-pli-text-wrapper\">\n\t\t<div class=\"mkdf-pli-text\">\n\t\t\t\t<h4 itemprop=\"name\" class=\"mkdf-pli-title entry-title\" >\n\t\t<a itemprop=\"url\" class=\"mkdf-block-drag-link\" href=\"https:\/\/d6clinica.ro\/en\/servicii\/estetica-faciala-cu-dermapen-cluj\/\" target=\"_self\">\n\t\t\tDermapen\t\t<\/a>\n\t<\/h4>\n\n\t\t\t\n\t\t\t\t\t<\/div>\n\t<\/div>\n<\/div>\t\t\n\t\t<a itemprop=\"url\" class=\"mkdf-pli-link mkdf-block-drag-link\" href=\"https:\/\/d6clinica.ro\/en\/servicii\/estetica-faciala-cu-dermapen-cluj\/\" target=\"_self\"><\/a>\n\t<\/div>\n<\/article><article class=\"mkdf-pl-item mkdf-item-space  post-415 portfolio-item type-portfolio-item status-publish has-post-thumbnail hentry portfolio-category-estetica\">\n\t<div class=\"mkdf-pl-item-inner\">\n\t\t<div class=\"mkdf-pli-image\">\n\t<img loading=\"lazy\" decoding=\"async\" width=\"550\" height=\"550\" src=\"https:\/\/d6clinica.ro\/wp-content\/uploads\/2017\/09\/mezoterapie-550x550.jpg\" class=\"attachment-aviana_mikado_square size-aviana_mikado_square wp-post-image\" alt=\"mezoterapie acid hialuronic mezoterapia scalpului toxina botulinica, clinica D6 Cluj\" srcset=\"https:\/\/d6clinica.ro\/wp-content\/uploads\/2017\/09\/mezoterapie-550x550.jpg 550w, https:\/\/d6clinica.ro\/wp-content\/uploads\/2017\/09\/mezoterapie-150x150.jpg 150w, https:\/\/d6clinica.ro\/wp-content\/uploads\/2017\/09\/mezoterapie-1100x1100.jpg 1100w, https:\/\/d6clinica.ro\/wp-content\/uploads\/2017\/09\/mezoterapie-300x300.jpg 300w, https:\/\/d6clinica.ro\/wp-content\/uploads\/2017\/09\/mezoterapie-100x100.jpg 100w\" sizes=\"(max-width: 550px) 100vw, 550px\" \/><\/div>\n<div class=\"mkdf-pli-text-holder\">\n\t<div class=\"mkdf-pli-text-wrapper\">\n\t\t<div class=\"mkdf-pli-text\">\n\t\t\t\t<h4 itemprop=\"name\" class=\"mkdf-pli-title entry-title\" >\n\t\t<a itemprop=\"url\" class=\"mkdf-block-drag-link\" href=\"https:\/\/d6clinica.ro\/en\/servicii\/tratament-mezoterapie-estetica-faciala-cluj\/\" target=\"_self\">\n\t\t\tMesotherapy\t\t<\/a>\n\t<\/h4>\n\n\t\t\t\n\t\t\t\t\t<\/div>\n\t<\/div>\n<\/div>\t\t\n\t\t<a itemprop=\"url\" class=\"mkdf-pli-link mkdf-block-drag-link\" href=\"https:\/\/d6clinica.ro\/en\/servicii\/tratament-mezoterapie-estetica-faciala-cluj\/\" target=\"_self\"><\/a>\n\t<\/div>\n<\/article><article class=\"mkdf-pl-item mkdf-item-space  post-413 portfolio-item type-portfolio-item status-publish has-post-thumbnail hentry portfolio-category-estetica\">\n\t<div class=\"mkdf-pl-item-inner\">\n\t\t<div class=\"mkdf-pli-image\">\n\t<img loading=\"lazy\" decoding=\"async\" width=\"550\" height=\"550\" src=\"https:\/\/d6clinica.ro\/wp-content\/uploads\/2017\/09\/toxina-botulinica-550x550.jpg\" class=\"attachment-aviana_mikado_square size-aviana_mikado_square wp-post-image\" alt=\"toxina botulinica botox buze tratamente antirid, clinica D6 Cluj\" srcset=\"https:\/\/d6clinica.ro\/wp-content\/uploads\/2017\/09\/toxina-botulinica-550x550.jpg 550w, https:\/\/d6clinica.ro\/wp-content\/uploads\/2017\/09\/toxina-botulinica-150x150.jpg 150w, https:\/\/d6clinica.ro\/wp-content\/uploads\/2017\/09\/toxina-botulinica-1100x1100.jpg 1100w, https:\/\/d6clinica.ro\/wp-content\/uploads\/2017\/09\/toxina-botulinica-300x300.jpg 300w, https:\/\/d6clinica.ro\/wp-content\/uploads\/2017\/09\/toxina-botulinica-100x100.jpg 100w\" sizes=\"(max-width: 550px) 100vw, 550px\" \/><\/div>\n<div class=\"mkdf-pli-text-holder\">\n\t<div class=\"mkdf-pli-text-wrapper\">\n\t\t<div class=\"mkdf-pli-text\">\n\t\t\t\t<h4 itemprop=\"name\" class=\"mkdf-pli-title entry-title\" >\n\t\t<a itemprop=\"url\" class=\"mkdf-block-drag-link\" href=\"https:\/\/d6clinica.ro\/en\/servicii\/tratament-toxina-botulinica-marire-buze-cluj\/\" target=\"_self\">\n\t\t\tBotulinum toxin\t\t<\/a>\n\t<\/h4>\n\n\t\t\t\n\t\t\t\t\t<\/div>\n\t<\/div>\n<\/div>\t\t\n\t\t<a itemprop=\"url\" class=\"mkdf-pli-link mkdf-block-drag-link\" href=\"https:\/\/d6clinica.ro\/en\/servicii\/tratament-toxina-botulinica-marire-buze-cluj\/\" target=\"_self\"><\/a>\n\t<\/div>\n<\/article><article class=\"mkdf-pl-item mkdf-item-space  post-410 portfolio-item type-portfolio-item status-publish has-post-thumbnail hentry portfolio-category-estetica\">\n\t<div class=\"mkdf-pl-item-inner\">\n\t\t<div class=\"mkdf-pli-image\">\n\t<img loading=\"lazy\" decoding=\"async\" width=\"550\" height=\"550\" src=\"https:\/\/d6clinica.ro\/wp-content\/uploads\/2017\/09\/acid-hialuronic-550x550.jpg\" class=\"attachment-aviana_mikado_square size-aviana_mikado_square wp-post-image\" alt=\"marire buze cu acid hialuronic, marire buze pret, clinica D6 Cluj\" srcset=\"https:\/\/d6clinica.ro\/wp-content\/uploads\/2017\/09\/acid-hialuronic-550x550.jpg 550w, https:\/\/d6clinica.ro\/wp-content\/uploads\/2017\/09\/acid-hialuronic-150x150.jpg 150w, https:\/\/d6clinica.ro\/wp-content\/uploads\/2017\/09\/acid-hialuronic-1100x1100.jpg 1100w, https:\/\/d6clinica.ro\/wp-content\/uploads\/2017\/09\/acid-hialuronic-300x300.jpg 300w, https:\/\/d6clinica.ro\/wp-content\/uploads\/2017\/09\/acid-hialuronic-100x100.jpg 100w\" sizes=\"(max-width: 550px) 100vw, 550px\" \/><\/div>\n<div class=\"mkdf-pli-text-holder\">\n\t<div class=\"mkdf-pli-text-wrapper\">\n\t\t<div class=\"mkdf-pli-text\">\n\t\t\t\t<h4 itemprop=\"name\" class=\"mkdf-pli-title entry-title\" >\n\t\t<a itemprop=\"url\" class=\"mkdf-block-drag-link\" href=\"https:\/\/d6clinica.ro\/en\/servicii\/tratamente-acid-hialuronic-estetica-faciala-cluj\/\" target=\"_self\">\n\t\t\tHyaluronic acid\t\t<\/a>\n\t<\/h4>\n\n\t\t\t\n\t\t\t\t\t<\/div>\n\t<\/div>\n<\/div>\t\t\n\t\t<a itemprop=\"url\" class=\"mkdf-pli-link mkdf-block-drag-link\" href=\"https:\/\/d6clinica.ro\/en\/servicii\/tratamente-acid-hialuronic-estetica-faciala-cluj\/\" target=\"_self\"><\/a>\n\t<\/div>\n<\/article><article class=\"mkdf-pl-item mkdf-item-space  post-402 portfolio-item type-portfolio-item status-publish has-post-thumbnail hentry portfolio-category-estetica\">\n\t<div class=\"mkdf-pl-item-inner\">\n\t\t<div class=\"mkdf-pli-image\">\n\t<img loading=\"lazy\" decoding=\"async\" width=\"550\" height=\"550\" src=\"https:\/\/d6clinica.ro\/wp-content\/uploads\/2017\/09\/trat-post-injectare-550x550.jpg\" class=\"attachment-aviana_mikado_square size-aviana_mikado_square wp-post-image\" alt=\"tratamente corective infrumusetare acid hialuronic, clinica D6 Cluj\" srcset=\"https:\/\/d6clinica.ro\/wp-content\/uploads\/2017\/09\/trat-post-injectare-550x550.jpg 550w, https:\/\/d6clinica.ro\/wp-content\/uploads\/2017\/09\/trat-post-injectare-150x150.jpg 150w, https:\/\/d6clinica.ro\/wp-content\/uploads\/2017\/09\/trat-post-injectare-1100x1100.jpg 1100w, https:\/\/d6clinica.ro\/wp-content\/uploads\/2017\/09\/trat-post-injectare-300x300.jpg 300w, https:\/\/d6clinica.ro\/wp-content\/uploads\/2017\/09\/trat-post-injectare-100x100.jpg 100w\" sizes=\"(max-width: 550px) 100vw, 550px\" \/><\/div>\n<div class=\"mkdf-pli-text-holder\">\n\t<div class=\"mkdf-pli-text-wrapper\">\n\t\t<div class=\"mkdf-pli-text\">\n\t\t\t\t<h4 itemprop=\"name\" class=\"mkdf-pli-title entry-title\" >\n\t\t<a itemprop=\"url\" class=\"mkdf-block-drag-link\" href=\"https:\/\/d6clinica.ro\/en\/servicii\/tratamente-corective-post-injectare-hialuronidaza-cluj\/\" target=\"_self\">\n\t\t\tPost-injection corrective treatments\t\t<\/a>\n\t<\/h4>\n\n\t\t\t\n\t\t\t\t\t<\/div>\n\t<\/div>\n<\/div>\t\t\n\t\t<a itemprop=\"url\" class=\"mkdf-pli-link mkdf-block-drag-link\" href=\"https:\/\/d6clinica.ro\/en\/servicii\/tratamente-corective-post-injectare-hialuronidaza-cluj\/\" target=\"_self\"><\/a>\n\t<\/div>\n<\/article><article class=\"mkdf-pl-item mkdf-item-space  post-400 portfolio-item type-portfolio-item status-publish has-post-thumbnail hentry portfolio-category-estetica\">\n\t<div class=\"mkdf-pl-item-inner\">\n\t\t<div class=\"mkdf-pli-image\">\n\t<img loading=\"lazy\" decoding=\"async\" width=\"550\" height=\"550\" src=\"https:\/\/d6clinica.ro\/wp-content\/uploads\/2017\/09\/radiesse_new-550x550.jpg\" class=\"attachment-aviana_mikado_square size-aviana_mikado_square wp-post-image\" alt=\"radiesse hidroxiapatita tratamente antirid, clinica D6 Cluj\" srcset=\"https:\/\/d6clinica.ro\/wp-content\/uploads\/2017\/09\/radiesse_new-550x550.jpg 550w, https:\/\/d6clinica.ro\/wp-content\/uploads\/2017\/09\/radiesse_new-150x150.jpg 150w, https:\/\/d6clinica.ro\/wp-content\/uploads\/2017\/09\/radiesse_new-1100x1100.jpg 1100w, https:\/\/d6clinica.ro\/wp-content\/uploads\/2017\/09\/radiesse_new-300x300.jpg 300w, https:\/\/d6clinica.ro\/wp-content\/uploads\/2017\/09\/radiesse_new-100x100.jpg 100w\" sizes=\"(max-width: 550px) 100vw, 550px\" \/><\/div>\n<div class=\"mkdf-pli-text-holder\">\n\t<div class=\"mkdf-pli-text-wrapper\">\n\t\t<div class=\"mkdf-pli-text\">\n\t\t\t\t<h4 itemprop=\"name\" class=\"mkdf-pli-title entry-title\" >\n\t\t<a itemprop=\"url\" class=\"mkdf-block-drag-link\" href=\"https:\/\/d6clinica.ro\/en\/servicii\/tratament-radiesse-estetica-faciala-cluj\/\" target=\"_self\">\n\t\t\tRadiesse\t\t<\/a>\n\t<\/h4>\n\n\t\t\t\n\t\t\t\t\t<\/div>\n\t<\/div>\n<\/div>\t\t\n\t\t<a itemprop=\"url\" class=\"mkdf-pli-link mkdf-block-drag-link\" href=\"https:\/\/d6clinica.ro\/en\/servicii\/tratament-radiesse-estetica-faciala-cluj\/\" target=\"_self\"><\/a>\n\t<\/div>\n<\/article><article class=\"mkdf-pl-item mkdf-item-space  post-398 portfolio-item type-portfolio-item status-publish has-post-thumbnail hentry portfolio-category-estetica\">\n\t<div class=\"mkdf-pl-item-inner\">\n\t\t<div class=\"mkdf-pli-image\">\n\t<img loading=\"lazy\" decoding=\"async\" width=\"550\" height=\"550\" src=\"https:\/\/d6clinica.ro\/wp-content\/uploads\/2017\/09\/cicatrici-550x550.jpg\" class=\"attachment-aviana_mikado_square size-aviana_mikado_square wp-post-image\" alt=\"tratament cicatrici acnee radiesse acid hialuronic dermapen peeling chimic, clinica D6 Cluj\" srcset=\"https:\/\/d6clinica.ro\/wp-content\/uploads\/2017\/09\/cicatrici-550x550.jpg 550w, https:\/\/d6clinica.ro\/wp-content\/uploads\/2017\/09\/cicatrici-150x150.jpg 150w, https:\/\/d6clinica.ro\/wp-content\/uploads\/2017\/09\/cicatrici-1100x1100.jpg 1100w, https:\/\/d6clinica.ro\/wp-content\/uploads\/2017\/09\/cicatrici-300x300.jpg 300w, https:\/\/d6clinica.ro\/wp-content\/uploads\/2017\/09\/cicatrici-100x100.jpg 100w\" sizes=\"(max-width: 550px) 100vw, 550px\" \/><\/div>\n<div class=\"mkdf-pli-text-holder\">\n\t<div class=\"mkdf-pli-text-wrapper\">\n\t\t<div class=\"mkdf-pli-text\">\n\t\t\t\t<h4 itemprop=\"name\" class=\"mkdf-pli-title entry-title\" >\n\t\t<a itemprop=\"url\" class=\"mkdf-block-drag-link\" href=\"https:\/\/d6clinica.ro\/en\/servicii\/tratamentul-corectiv-cicatrici-post-acneice-cluj\/\" target=\"_self\">\n\t\t\tCorrective treatment of post-acne scars\t\t<\/a>\n\t<\/h4>\n\n\t\t\t\n\t\t\t\t\t<\/div>\n\t<\/div>\n<\/div>\t\t\n\t\t<a itemprop=\"url\" class=\"mkdf-pli-link mkdf-block-drag-link\" href=\"https:\/\/d6clinica.ro\/en\/servicii\/tratamentul-corectiv-cicatrici-post-acneice-cluj\/\" target=\"_self\"><\/a>\n\t<\/div>\n<\/article><article class=\"mkdf-pl-item mkdf-item-space  post-392 portfolio-item type-portfolio-item status-publish has-post-thumbnail hentry portfolio-category-estetica\">\n\t<div class=\"mkdf-pl-item-inner\">\n\t\t<div class=\"mkdf-pli-image\">\n\t<img loading=\"lazy\" decoding=\"async\" width=\"550\" height=\"550\" src=\"https:\/\/d6clinica.ro\/wp-content\/uploads\/2017\/09\/anestezie-550x550.jpg\" class=\"attachment-aviana_mikado_square size-aviana_mikado_square wp-post-image\" alt=\"anestezie topica microneedling radiofrecventa faciala epilare definitiva pret, clinica D6 Cluj\" srcset=\"https:\/\/d6clinica.ro\/wp-content\/uploads\/2017\/09\/anestezie-550x550.jpg 550w, https:\/\/d6clinica.ro\/wp-content\/uploads\/2017\/09\/anestezie-150x150.jpg 150w, https:\/\/d6clinica.ro\/wp-content\/uploads\/2017\/09\/anestezie-1100x1100.jpg 1100w, https:\/\/d6clinica.ro\/wp-content\/uploads\/2017\/09\/anestezie-300x300.jpg 300w, https:\/\/d6clinica.ro\/wp-content\/uploads\/2017\/09\/anestezie-100x100.jpg 100w\" sizes=\"(max-width: 550px) 100vw, 550px\" \/><\/div>\n<div class=\"mkdf-pli-text-holder\">\n\t<div class=\"mkdf-pli-text-wrapper\">\n\t\t<div class=\"mkdf-pli-text\">\n\t\t\t\t<h4 itemprop=\"name\" class=\"mkdf-pli-title entry-title\" >\n\t\t<a itemprop=\"url\" class=\"mkdf-block-drag-link\" href=\"https:\/\/d6clinica.ro\/en\/servicii\/anestezia-topica-tratamente-estetica-dermatologie-cluj\/\" target=\"_self\">\n\t\t\tTopical anesthesia with anesthetic cream\t\t<\/a>\n\t<\/h4>\n\n\t\t\t\n\t\t\t\t\t<\/div>\n\t<\/div>\n<\/div>\t\t\n\t\t<a itemprop=\"url\" class=\"mkdf-pli-link mkdf-block-drag-link\" href=\"https:\/\/d6clinica.ro\/en\/servicii\/anestezia-topica-tratamente-estetica-dermatologie-cluj\/\" target=\"_self\"><\/a>\n\t<\/div>\n<\/article><article class=\"mkdf-pl-item mkdf-item-space  post-390 portfolio-item type-portfolio-item status-publish has-post-thumbnail hentry portfolio-category-estetica\">\n\t<div class=\"mkdf-pl-item-inner\">\n\t\t<div class=\"mkdf-pli-image\">\n\t<img loading=\"lazy\" decoding=\"async\" width=\"550\" height=\"550\" src=\"https:\/\/d6clinica.ro\/wp-content\/uploads\/2017\/09\/taratamente-faciale-550x550.jpg\" class=\"attachment-aviana_mikado_square size-aviana_mikado_square wp-post-image\" alt=\"tratamente faciale infrumusetare microdermabraziune, clinica D6 Cluj\" srcset=\"https:\/\/d6clinica.ro\/wp-content\/uploads\/2017\/09\/taratamente-faciale-550x550.jpg 550w, https:\/\/d6clinica.ro\/wp-content\/uploads\/2017\/09\/taratamente-faciale-150x150.jpg 150w, https:\/\/d6clinica.ro\/wp-content\/uploads\/2017\/09\/taratamente-faciale-1100x1100.jpg 1100w, https:\/\/d6clinica.ro\/wp-content\/uploads\/2017\/09\/taratamente-faciale-300x300.jpg 300w, https:\/\/d6clinica.ro\/wp-content\/uploads\/2017\/09\/taratamente-faciale-100x100.jpg 100w\" sizes=\"(max-width: 550px) 100vw, 550px\" \/><\/div>\n<div class=\"mkdf-pli-text-holder\">\n\t<div class=\"mkdf-pli-text-wrapper\">\n\t\t<div class=\"mkdf-pli-text\">\n\t\t\t\t<h4 itemprop=\"name\" class=\"mkdf-pli-title entry-title\" >\n\t\t<a itemprop=\"url\" class=\"mkdf-block-drag-link\" href=\"https:\/\/d6clinica.ro\/en\/servicii\/tratamente-estetica-faciala-tratamente-infrumusetare-cluj\/\" target=\"_self\">\n\t\t\tFacial treatments \/ facial aesthetics\t\t<\/a>\n\t<\/h4>\n\n\t\t\t\n\t\t\t\t\t<\/div>\n\t<\/div>\n<\/div>\t\t\n\t\t<a itemprop=\"url\" class=\"mkdf-pli-link mkdf-block-drag-link\" href=\"https:\/\/d6clinica.ro\/en\/servicii\/tratamente-estetica-faciala-tratamente-infrumusetare-cluj\/\" target=\"_self\"><\/a>\n\t<\/div>\n<\/article><article class=\"mkdf-pl-item mkdf-item-space  post-388 portfolio-item type-portfolio-item status-publish has-post-thumbnail hentry portfolio-category-estetica\">\n\t<div class=\"mkdf-pl-item-inner\">\n\t\t<div class=\"mkdf-pli-image\">\n\t<img loading=\"lazy\" decoding=\"async\" width=\"550\" height=\"550\" src=\"https:\/\/d6clinica.ro\/wp-content\/uploads\/2017\/09\/lipoliza-550x550.jpg\" class=\"attachment-aviana_mikado_square size-aviana_mikado_square wp-post-image\" alt=\"lipoliza injectabila PB serum, clinica D6 Cluj\" srcset=\"https:\/\/d6clinica.ro\/wp-content\/uploads\/2017\/09\/lipoliza-550x550.jpg 550w, https:\/\/d6clinica.ro\/wp-content\/uploads\/2017\/09\/lipoliza-150x150.jpg 150w, https:\/\/d6clinica.ro\/wp-content\/uploads\/2017\/09\/lipoliza-1100x1100.jpg 1100w, https:\/\/d6clinica.ro\/wp-content\/uploads\/2017\/09\/lipoliza-300x300.jpg 300w, https:\/\/d6clinica.ro\/wp-content\/uploads\/2017\/09\/lipoliza-100x100.jpg 100w\" sizes=\"(max-width: 550px) 100vw, 550px\" \/><\/div>\n<div class=\"mkdf-pli-text-holder\">\n\t<div class=\"mkdf-pli-text-wrapper\">\n\t\t<div class=\"mkdf-pli-text\">\n\t\t\t\t<h4 itemprop=\"name\" class=\"mkdf-pli-title entry-title\" >\n\t\t<a itemprop=\"url\" class=\"mkdf-block-drag-link\" href=\"https:\/\/d6clinica.ro\/en\/servicii\/tratament-lipoliza-localizata-estetica-infrumusetare-cluj\/\" target=\"_self\">\n\t\t\tLocalized lipolysis\t\t<\/a>\n\t<\/h4>\n\n\t\t\t\n\t\t\t\t\t<\/div>\n\t<\/div>\n<\/div>\t\t\n\t\t<a itemprop=\"url\" class=\"mkdf-pli-link mkdf-block-drag-link\" href=\"https:\/\/d6clinica.ro\/en\/servicii\/tratament-lipoliza-localizata-estetica-infrumusetare-cluj\/\" target=\"_self\"><\/a>\n\t<\/div>\n<\/article><article class=\"mkdf-pl-item mkdf-item-space  post-385 portfolio-item type-portfolio-item status-publish has-post-thumbnail hentry portfolio-category-estetica\">\n\t<div class=\"mkdf-pl-item-inner\">\n\t\t<div class=\"mkdf-pli-image\">\n\t<img loading=\"lazy\" decoding=\"async\" width=\"550\" height=\"550\" src=\"https:\/\/d6clinica.ro\/wp-content\/uploads\/2017\/09\/plexr-550x550.jpg\" class=\"attachment-aviana_mikado_square size-aviana_mikado_square wp-post-image\" alt=\"blefaroplastie nechirurgicala lifting facial nechirurgical plexr, clinica D6 Cluj\" srcset=\"https:\/\/d6clinica.ro\/wp-content\/uploads\/2017\/09\/plexr-550x550.jpg 550w, https:\/\/d6clinica.ro\/wp-content\/uploads\/2017\/09\/plexr-150x150.jpg 150w, https:\/\/d6clinica.ro\/wp-content\/uploads\/2017\/09\/plexr-1100x1100.jpg 1100w, https:\/\/d6clinica.ro\/wp-content\/uploads\/2017\/09\/plexr-300x300.jpg 300w, https:\/\/d6clinica.ro\/wp-content\/uploads\/2017\/09\/plexr-100x100.jpg 100w\" sizes=\"(max-width: 550px) 100vw, 550px\" \/><\/div>\n<div class=\"mkdf-pli-text-holder\">\n\t<div class=\"mkdf-pli-text-wrapper\">\n\t\t<div class=\"mkdf-pli-text\">\n\t\t\t\t<h4 itemprop=\"name\" class=\"mkdf-pli-title entry-title\" >\n\t\t<a itemprop=\"url\" class=\"mkdf-block-drag-link\" href=\"https:\/\/d6clinica.ro\/en\/servicii\/tratament-plexr-blefaroplastie-nechirurgicala-cluj\/\" target=\"_self\">\n\t\t\tPLexR\t\t<\/a>\n\t<\/h4>\n\n\t\t\t\n\t\t\t\t\t<\/div>\n\t<\/div>\n<\/div>\t\t\n\t\t<a itemprop=\"url\" class=\"mkdf-pli-link mkdf-block-drag-link\" href=\"https:\/\/d6clinica.ro\/en\/servicii\/tratament-plexr-blefaroplastie-nechirurgicala-cluj\/\" target=\"_self\"><\/a>\n\t<\/div>\n<\/article><article class=\"mkdf-pl-item mkdf-item-space  post-379 portfolio-item type-portfolio-item status-publish has-post-thumbnail hentry portfolio-category-estetica\">\n\t<div class=\"mkdf-pl-item-inner\">\n\t\t<div class=\"mkdf-pli-image\">\n\t<img loading=\"lazy\" decoding=\"async\" width=\"550\" height=\"550\" src=\"https:\/\/d6clinica.ro\/wp-content\/uploads\/2017\/09\/laser-550x550.jpg\" class=\"attachment-aviana_mikado_square size-aviana_mikado_square wp-post-image\" alt=\"tratamente infrumusetare teleangiectazii aparat laser, clinica D6 Cluj\" srcset=\"https:\/\/d6clinica.ro\/wp-content\/uploads\/2017\/09\/laser-550x550.jpg 550w, https:\/\/d6clinica.ro\/wp-content\/uploads\/2017\/09\/laser-150x150.jpg 150w, https:\/\/d6clinica.ro\/wp-content\/uploads\/2017\/09\/laser-1100x1100.jpg 1100w, https:\/\/d6clinica.ro\/wp-content\/uploads\/2017\/09\/laser-300x300.jpg 300w, https:\/\/d6clinica.ro\/wp-content\/uploads\/2017\/09\/laser-100x100.jpg 100w\" sizes=\"(max-width: 550px) 100vw, 550px\" \/><\/div>\n<div class=\"mkdf-pli-text-holder\">\n\t<div class=\"mkdf-pli-text-wrapper\">\n\t\t<div class=\"mkdf-pli-text\">\n\t\t\t\t<h4 itemprop=\"name\" class=\"mkdf-pli-title entry-title\" >\n\t\t<a itemprop=\"url\" class=\"mkdf-block-drag-link\" href=\"https:\/\/d6clinica.ro\/en\/servicii\/tratamente-estetice-laser-epilare-definitiva-cluj\/\" target=\"_self\">\n\t\t\tLaser treatments\t\t<\/a>\n\t<\/h4>\n\n\t\t\t\n\t\t\t\t\t<\/div>\n\t<\/div>\n<\/div>\t\t\n\t\t<a itemprop=\"url\" class=\"mkdf-pli-link mkdf-block-drag-link\" href=\"https:\/\/d6clinica.ro\/en\/servicii\/tratamente-estetice-laser-epilare-definitiva-cluj\/\" target=\"_self\"><\/a>\n\t<\/div>\n<\/article><article class=\"mkdf-pl-item mkdf-item-space  post-264 portfolio-item type-portfolio-item status-publish has-post-thumbnail hentry portfolio-category-estetica\">\n\t<div class=\"mkdf-pl-item-inner\">\n\t\t<div class=\"mkdf-pli-image\">\n\t<img loading=\"lazy\" decoding=\"async\" width=\"550\" height=\"550\" src=\"https:\/\/d6clinica.ro\/wp-content\/uploads\/2017\/09\/epilare-550x550.jpg\" class=\"attachment-aviana_mikado_square size-aviana_mikado_square wp-post-image\" alt=\"epilare definitiva IPL pret, clinica D6 Cluj\" srcset=\"https:\/\/d6clinica.ro\/wp-content\/uploads\/2017\/09\/epilare-550x550.jpg 550w, https:\/\/d6clinica.ro\/wp-content\/uploads\/2017\/09\/epilare-150x150.jpg 150w, https:\/\/d6clinica.ro\/wp-content\/uploads\/2017\/09\/epilare-1100x1100.jpg 1100w, https:\/\/d6clinica.ro\/wp-content\/uploads\/2017\/09\/epilare-300x300.jpg 300w, https:\/\/d6clinica.ro\/wp-content\/uploads\/2017\/09\/epilare-100x100.jpg 100w\" sizes=\"(max-width: 550px) 100vw, 550px\" \/><\/div>\n<div class=\"mkdf-pli-text-holder\">\n\t<div class=\"mkdf-pli-text-wrapper\">\n\t\t<div class=\"mkdf-pli-text\">\n\t\t\t\t<h4 itemprop=\"name\" class=\"mkdf-pli-title entry-title\" >\n\t\t<a itemprop=\"url\" class=\"mkdf-block-drag-link\" href=\"https:\/\/d6clinica.ro\/en\/servicii\/tratament-epilare-definitiva-ipl-cluj\/\" target=\"_self\">\n\t\t\tPermanent IPL hair removal\t\t<\/a>\n\t<\/h4>\n\n\t\t\t\n\t\t\t\t\t<\/div>\n\t<\/div>\n<\/div>\t\t\n\t\t<a itemprop=\"url\" class=\"mkdf-pli-link mkdf-block-drag-link\" href=\"https:\/\/d6clinica.ro\/en\/servicii\/tratament-epilare-definitiva-ipl-cluj\/\" target=\"_self\"><\/a>\n\t<\/div>\n<\/article><article class=\"mkdf-pl-item mkdf-item-space  post-263 portfolio-item type-portfolio-item status-publish has-post-thumbnail hentry portfolio-category-estetica\">\n\t<div class=\"mkdf-pl-item-inner\">\n\t\t<div class=\"mkdf-pli-image\">\n\t<img loading=\"lazy\" decoding=\"async\" width=\"550\" height=\"550\" src=\"https:\/\/d6clinica.ro\/wp-content\/uploads\/2017\/09\/terapie-ipl-550x550.jpg\" class=\"attachment-aviana_mikado_square size-aviana_mikado_square wp-post-image\" alt=\"terapie IPL tratament acnee cuperoza lifting facial, clinica D6 Cluj\" srcset=\"https:\/\/d6clinica.ro\/wp-content\/uploads\/2017\/09\/terapie-ipl-550x550.jpg 550w, https:\/\/d6clinica.ro\/wp-content\/uploads\/2017\/09\/terapie-ipl-150x150.jpg 150w, https:\/\/d6clinica.ro\/wp-content\/uploads\/2017\/09\/terapie-ipl-1100x1100.jpg 1100w, https:\/\/d6clinica.ro\/wp-content\/uploads\/2017\/09\/terapie-ipl-300x300.jpg 300w, https:\/\/d6clinica.ro\/wp-content\/uploads\/2017\/09\/terapie-ipl-100x100.jpg 100w\" sizes=\"(max-width: 550px) 100vw, 550px\" \/><\/div>\n<div class=\"mkdf-pli-text-holder\">\n\t<div class=\"mkdf-pli-text-wrapper\">\n\t\t<div class=\"mkdf-pli-text\">\n\t\t\t\t<h4 itemprop=\"name\" class=\"mkdf-pli-title entry-title\" >\n\t\t<a itemprop=\"url\" class=\"mkdf-block-drag-link\" href=\"https:\/\/d6clinica.ro\/en\/servicii\/terapie-rejuvenare-faciala-ipl-infrumusetare-cluj\/\" target=\"_self\">\n\t\t\tIPL therapy\t\t<\/a>\n\t<\/h4>\n\n\t\t\t\n\t\t\t\t\t<\/div>\n\t<\/div>\n<\/div>\t\t\n\t\t<a itemprop=\"url\" class=\"mkdf-pli-link mkdf-block-drag-link\" href=\"https:\/\/d6clinica.ro\/en\/servicii\/terapie-rejuvenare-faciala-ipl-infrumusetare-cluj\/\" target=\"_self\"><\/a>\n\t<\/div>\n<\/article><article class=\"mkdf-pl-item mkdf-item-space  post-3441 portfolio-item type-portfolio-item status-publish has-post-thumbnail hentry portfolio-category-estetica\">\n\t<div class=\"mkdf-pl-item-inner\">\n\t\t<div class=\"mkdf-pli-image\">\n\t<img loading=\"lazy\" decoding=\"async\" width=\"550\" height=\"550\" src=\"https:\/\/d6clinica.ro\/wp-content\/uploads\/2021\/01\/AquaGold...-550x550.jpg\" class=\"attachment-aviana_mikado_square size-aviana_mikado_square wp-post-image\" alt=\"mezoterapie botox acid hialuronic PRP aquagold, clinica D6 Cluj\" srcset=\"https:\/\/d6clinica.ro\/wp-content\/uploads\/2021\/01\/AquaGold...-550x550.jpg 550w, https:\/\/d6clinica.ro\/wp-content\/uploads\/2021\/01\/AquaGold...-150x150.jpg 150w, https:\/\/d6clinica.ro\/wp-content\/uploads\/2021\/01\/AquaGold...-1100x1100.jpg 1100w, https:\/\/d6clinica.ro\/wp-content\/uploads\/2021\/01\/AquaGold...-300x300.jpg 300w, https:\/\/d6clinica.ro\/wp-content\/uploads\/2021\/01\/AquaGold...-100x100.jpg 100w\" sizes=\"(max-width: 550px) 100vw, 550px\" \/><\/div>\n<div class=\"mkdf-pli-text-holder\">\n\t<div class=\"mkdf-pli-text-wrapper\">\n\t\t<div class=\"mkdf-pli-text\">\n\t\t\t\t<h4 itemprop=\"name\" class=\"mkdf-pli-title entry-title\" >\n\t\t<a itemprop=\"url\" class=\"mkdf-block-drag-link\" href=\"https:\/\/d6clinica.ro\/en\/servicii\/tratament-estetica-infrumusetare-aquagold-cluj\/\" target=\"_self\">\n\t\t\tAquaGold\t\t<\/a>\n\t<\/h4>\n\n\t\t\t\n\t\t\t\t\t<\/div>\n\t<\/div>\n<\/div>\t\t\n\t\t<a itemprop=\"url\" class=\"mkdf-pli-link mkdf-block-drag-link\" href=\"https:\/\/d6clinica.ro\/en\/servicii\/tratament-estetica-infrumusetare-aquagold-cluj\/\" target=\"_self\"><\/a>\n\t<\/div>\n<\/article>\t<\/div>\n\t\n\t<\/div><\/div><\/div><\/div><\/div><\/div><\/div>","protected":false},"excerpt":{"rendered":"AQUAGOLD \u00ae fine touch Cum s\u0103 \u00ee\u021bi tratezi \u0219i hr\u0103ne\u0219ti pielea \u00eentr-un mod personalizat? R\u0103spunsul este simplu: AquaGold! &nbsp; Aceast\u0103 metod\u0103 nou\u0103 de mezoterapie patentata\u0306 livreaz\u0103 f\u0103r\u0103 durere substan\u021bele de care pielea ta are nevoie la ad\u00e2ncimea optim\u0103 \u00een derm. [...]","protected":false},"author":3,"featured_media":0,"parent":0,"menu_order":0,"comment_status":"closed","ping_status":"closed","template":"full-width.php","meta":{"footnotes":""},"_links":{"self":[{"href":"https:\/\/d6clinica.ro\/en\/wp-json\/wp\/v2\/pages\/1392"}],"collection":[{"href":"https:\/\/d6clinica.ro\/en\/wp-json\/wp\/v2\/pages"}],"about":[{"href":"https:\/\/d6clinica.ro\/en\/wp-json\/wp\/v2\/types\/page"}],"author":[{"embeddable":true,"href":"https:\/\/d6clinica.ro\/en\/wp-json\/wp\/v2\/users\/3"}],"replies":[{"embeddable":true,"href":"https:\/\/d6clinica.ro\/en\/wp-json\/wp\/v2\/comments?post=1392"}],"version-history":[{"count":6,"href":"https:\/\/d6clinica.ro\/en\/wp-json\/wp\/v2\/pages\/1392\/revisions"}],"predecessor-version":[{"id":3440,"href":"https:\/\/d6clinica.ro\/en\/wp-json\/wp\/v2\/pages\/1392\/revisions\/3440"}],"wp:attachment":[{"href":"https:\/\/d6clinica.ro\/en\/wp-json\/wp\/v2\/media?parent=1392"}],"curies":[{"name":"wp","href":"https:\/\/api.w.org\/{rel}","templated":true}]}}